{"id":7,"date":"2023-12-22T15:02:25","date_gmt":"2023-12-22T14:02:25","guid":{"rendered":"https:\/\/gas.math.cnrs.fr\/?page_id=7"},"modified":"2026-02-06T14:46:03","modified_gmt":"2026-02-06T13:46:03","slug":"page-daccueil","status":"publish","type":"page","link":"https:\/\/gas.math.cnrs.fr\/","title":{"rendered":"R\u00e9seau Th\u00e9matique \u00abG\u00e9om\u00e9trie Alg\u00e9brique et Singularit\u00e9s\u00bb"},"content":{"rendered":"\n<pre class=\"wp-block-preformatted\">R\u00e9seau Th\u00e9matique du CNRS\n<\/pre>\n\n\n\n<p>Ce RT (R\u00e9seau Th\u00e9matique du CNRS) a \u00e9t\u00e9 cr\u00e9\u00e9 en janvier 2024 et a pour objectif de rassembler des math\u00e9maticiennes et math\u00e9maticiens travaillant dans le domaine de la g\u00e9om\u00e9trie alg\u00e9brique et complexe, des singularit\u00e9s et des \u00e9quations fonctionnelles, autour des axes suivants :<\/p>\n\n\n\n<ul class=\"wp-block-list\">\n<li>Axe GAGC : G\u00e9om\u00e9trie Alg\u00e9brique et G\u00e9om\u00e9trie Complexe ;<\/li>\n\n\n\n<li>Axe Singularit\u00e9s : Singularit\u00e9s et Applications ;<\/li>\n\n\n\n<li>Axe EFI : \u00c9quations Fonctionnelles et Interactions.<\/li>\n<\/ul>\n\n\n\n<h4 class=\"wp-block-heading\"><strong>\u00c9v<strong>\u00e9<\/strong>nements \u00e0 venir :<\/strong><\/h4>\n\n\n\n<p><strong>La rencontre annuelle 2026<\/strong> : La rencontre 2026 se tiendra au CIRM du <strong>02 au 06 novembre<\/strong>, organis\u00e9 B. Cadorel, T. Delcroix &amp; E. Mazzon.<\/p>\n\n\n\n<p>Quatre mini-cours seront donn\u00e9s par Mirko Mauri, Mircea Musta\u021b\u0103, Sarah Scherotzke et Julia Schneider. Le programme sera compl\u00e9t\u00e9 par des expos\u00e9s de recherche apr\u00e8s un appel \u00e0 propositions d\u00e9but 2026.<\/p>\n\n\n\n<p>La&nbsp;page web&nbsp;de la rencontre :&nbsp;https:\/\/conferences.cirm-math.fr\/<\/p>\n\n\n\n<p><strong>Ev\u00e9nements soutenus par le RT<\/strong> <strong>(2026)<\/strong><\/p>\n\n\n\n<ul class=\"wp-block-list\">\n<li>9\u201313 Mars, <strong><strong><a href=\"https:\/\/winterbraids.math.cnrs.fr\/archive\/winterbraids15\/\">Winterbraids XV<\/a><\/strong><\/strong>, Aix-Marseille Universit\u00e9<\/li>\n\n\n\n<li>12-13 Mars, <strong><a href=\"https:\/\/www.mathconf.org\/algstat2026\">Algebraic Statistics<\/a><\/strong>, Lille.<\/li>\n\n\n\n<li>13-17 Mars, <strong><strong><a href=\"https:\/\/conferences.cirm-math.fr\/3488.html\">Anneaux de Cox et applications<\/a><\/strong><\/strong>, CIRM.<\/li>\n\n\n\n<li>28-29 Mai, <strong><a href=\"https:\/\/loray60.sciencesconf.org\/\">Feuilletages et g\u00e9om\u00e9trie complexe<\/a><\/strong>, Conf\u00e9rence en l&rsquo;honneur de Frank Loray, Rennes.<\/li>\n\n\n\n<li>1-5 Juin, <strong><a href=\"https:\/\/sites.google.com\/view\/algebraicgeometry2026\">Algebraic Geometry 2026<\/a><\/strong>, Monte Bondone\/Trento.<\/li>\n\n\n\n<li>08-12 Juin, <strong><a href=\"https:\/\/www.mathconf.org\/srt2026\">Singularities and Related Topic<\/a><\/strong> (In Memory of Mihai Tib\u0103r), Lille.<\/li>\n\n\n\n<li>15-19 Juin, <strong><a href=\"https:\/\/www.mathconf.org\/snatg2026\">Singular, tropical and non-archimedean interactions<\/a><\/strong>, Lille.<\/li>\n\n\n\n<li>22-26 Juin, <strong><a href=\"https:\/\/www.mathconf.org\/giq2026\"><strong>Geometry of instantons and quivers<\/strong><\/a><\/strong>, Lille.<\/li>\n\n\n\n<li>29 juin au 3 juillet, <strong><a href=\"https:\/\/sites.google.com\/view\/gaelxxxiii\/home\">GAeL XXXIII<\/a><\/strong>, Leiden.<\/li>\n\n\n\n<li>31 ao\u00fbt au 4 septembre, <strong>conFerence on Algebraic Varieties OveR fIniTe fiElds<\/strong>, centre IGESA de Porquerolles.<\/li>\n\n\n\n<li>14-25 Septembre, <strong>Workshop International de G\u00e9om\u00e9trie Alg\u00e9brique R\u00e9elle<\/strong>, Lyon.<\/li>\n\n\n\n<li>6-8 Octobre, <strong><a href=\"https:\/\/efi2026.sciencesconf.org\/\">Journ\u00e9es 2026 de l&rsquo;Axe EFI<\/a><\/strong>, Grenoble.<\/li>\n\n\n\n<li>23-27 Novembre, <strong><a href=\"https:\/\/conferences.cirm-math.fr\/3612.html\">Real analytic geometry and singularity theory<\/a><\/strong>, CIRM.<\/li>\n<\/ul>\n\n\n\n<h4 class=\"wp-block-heading\"><strong>Comment demander un financement :<\/strong><\/h4>\n\n\n\n<p>Si vous souhaitez demander un financement pour une <strong>conf\u00e9rence<\/strong> ou une <strong>rencontre<\/strong>, veuillez nous envoyer un <strong>fichier PDF<\/strong> <strong>d&rsquo;une page<\/strong> \u00e0 l&rsquo;adresse suivante : andre.belotto_at_imj-prg.fr, comprenant les informations suivantes :<\/p>\n\n\n\n<p>Nom, date et lieu de la rencontre ;<br>Comit\u00e9 d&rsquo;organisation ;<br>Br\u00e8ve description du th\u00e8me ;<br>Montant demand\u00e9 et autres soutiens financiers ;<br>Nombre de participants attendus ;<br>Taux de parit\u00e9 pr\u00e9vu parmi les intervenants.<\/p>\n\n\n\n<p><strong>Calendrier de prise de d\u00e9cision :<\/strong><\/p>\n\n\n\n<ul class=\"wp-block-list\">\n<li>Les demandes de financement peuvent \u00eatre soumises tout au long de l&rsquo;ann\u00e9e, mais un financement limit\u00e9 sera accord\u00e9 ;<\/li>\n\n\n\n<li>Les d\u00e9cisions concernant les financements plus substantiels seront prises deux fois par an : en <strong>f\u00e9vrier<\/strong> et en <strong>octobre<\/strong>. <strong>Veuillez vous assurer de soumettre votre demande avant ces dates.<\/strong><\/li>\n<\/ul>\n\n\n\n<p><strong>Conditions d&rsquo;\u00e9ligibilit\u00e9 :<\/strong> Pour \u00eatre prise en compte, la manifestation doit :<\/p>\n\n\n\n<ul class=\"wp-block-list\">\n<li>Se d\u00e9rouler en France ;<\/li>\n\n\n\n<li>Compter au moins un membre du comit\u00e9 d&rsquo;organisation affili\u00e9 \u00e0 une universit\u00e9 ou un organisme de recherche fran\u00e7ais ;<\/li>\n\n\n\n<li>Veiller \u00e0 ce qu\u2019au moins 25% des intervenants soient de genre sous-repr\u00e9sent\u00e9.<\/li>\n<\/ul>\n\n\n\n<p><\/p>\n","protected":false},"excerpt":{"rendered":"<p>R\u00e9seau Th\u00e9matique du CNRS Ce RT (R\u00e9seau Th\u00e9matique du CNRS) a \u00e9t\u00e9 cr\u00e9\u00e9 en janvier 2024 et a pour objectif de rassembler des math\u00e9maticiennes et math\u00e9maticiens travaillant dans le domaine de la g\u00e9om\u00e9trie alg\u00e9brique et complexe, des singularit\u00e9s et des \u00e9quations fonctionnelles, autour des axes suivants : \u00c9v\u00e9nements \u00e0 venir : La rencontre annuelle 2026 [&hellip;]<\/p>\n","protected":false},"author":1,"featured_media":0,"parent":0,"menu_order":0,"comment_status":"closed","ping_status":"closed","template":"","meta":{"footnotes":""},"class_list":["post-7","page","type-page","status-publish","hentry"],"_links":{"self":[{"href":"https:\/\/gas.math.cnrs.fr\/index.php?rest_route=\/wp\/v2\/pages\/7","targetHints":{"allow":["GET"]}}],"collection":[{"href":"https:\/\/gas.math.cnrs.fr\/index.php?rest_route=\/wp\/v2\/pages"}],"about":[{"href":"https:\/\/gas.math.cnrs.fr\/index.php?rest_route=\/wp\/v2\/types\/page"}],"author":[{"embeddable":true,"href":"https:\/\/gas.math.cnrs.fr\/index.php?rest_route=\/wp\/v2\/users\/1"}],"replies":[{"embeddable":true,"href":"https:\/\/gas.math.cnrs.fr\/index.php?rest_route=%2Fwp%2Fv2%2Fcomments&post=7"}],"version-history":[{"count":53,"href":"https:\/\/gas.math.cnrs.fr\/index.php?rest_route=\/wp\/v2\/pages\/7\/revisions"}],"predecessor-version":[{"id":802,"href":"https:\/\/gas.math.cnrs.fr\/index.php?rest_route=\/wp\/v2\/pages\/7\/revisions\/802"}],"wp:attachment":[{"href":"https:\/\/gas.math.cnrs.fr\/index.php?rest_route=%2Fwp%2Fv2%2Fmedia&parent=7"}],"curies":[{"name":"wp","href":"https:\/\/api.w.org\/{rel}","templated":true}]}}